{"id":1226,"date":"2017-02-26T21:21:59","date_gmt":"2017-02-26T20:21:59","guid":{"rendered":"http:\/\/tesshinkan.ddns.net\/tesshinkan-wp\/?page_id=1226"},"modified":"2017-05-08T21:27:53","modified_gmt":"2017-05-08T19:27:53","slug":"news","status":"publish","type":"page","link":"https:\/\/kobudo-tesshinkan.eu\/index.php\/en\/dates_reports\/news\/","title":{"rendered":"News"},"content":{"rendered":"<div id=\"pl-1226\"  class=\"panel-layout\" ><div id=\"pg-1226-0\"  class=\"panel-grid panel-no-style\" ><div id=\"pgc-1226-0-0\"  class=\"panel-grid-cell\" ><div id=\"panel-1226-0-0-0\" class=\"so-panel widget widget_siteorigin-panels-postloop panel-first-child panel-last-child\" data-index=\"0\" >\n<article id=\"post-7103\" class=\"post-7103 post type-post status-publish format-standard has-post-thumbnail hentry category-news-en\" itemtype='https:\/\/schema.org\/CreativeWork' itemscope='itemscope'>\n\t<div class=\"inside-article\">\n\t\t\t\t\n\t\t<header class=\"entry-header\">\n\t\t\t\t\t\t\t\t\t\t<h1 class=\"entry-title\" itemprop=\"headline\">2024 Okinawa Traditional Kobud\u014d World Tournament \/ 2024, 3rd &#8211; 4th August \/ Naha, Okinawa, Japan<\/h1>\t\t\t\t\t\t\t\t<\/header><!-- .entry-header -->\n\t\t\n\t\t<div class=\"post-image\">\n\t\t\t\t\t\t\n\t\t\t\t\t\t<a href=\"https:\/\/kobudo-tesshinkan.eu\/index.php\/en\/2024-okinawa-traditional-kobudo-world-tournament-2024-3rd-4th-august-naha-okinawa-japan\/\">\n\t\t\t\t\t\t\t<img loading=\"lazy\" decoding=\"async\" width=\"2560\" height=\"1920\" src=\"https:\/\/kobudo-tesshinkan.eu\/wp-content\/uploads\/2024\/08\/Medaillen_WM_2024-scaled.jpg\" class=\"attachment-full size-full wp-post-image\" alt=\"\" itemprop=\"image\" srcset=\"https:\/\/kobudo-tesshinkan.eu\/wp-content\/uploads\/2024\/08\/Medaillen_WM_2024-scaled.jpg 2560w, https:\/\/kobudo-tesshinkan.eu\/wp-content\/uploads\/2024\/08\/Medaillen_WM_2024-300x225.jpg 300w, https:\/\/kobudo-tesshinkan.eu\/wp-content\/uploads\/2024\/08\/Medaillen_WM_2024-1024x768.jpg 1024w, https:\/\/kobudo-tesshinkan.eu\/wp-content\/uploads\/2024\/08\/Medaillen_WM_2024-768x576.jpg 768w, https:\/\/kobudo-tesshinkan.eu\/wp-content\/uploads\/2024\/08\/Medaillen_WM_2024-1536x1152.jpg 1536w, https:\/\/kobudo-tesshinkan.eu\/wp-content\/uploads\/2024\/08\/Medaillen_WM_2024-2048x1536.jpg 2048w\" sizes=\"(max-width: 2560px) 100vw, 2560px\" \/>\n\t\t\t\t\t\t<\/a>\n\t\t\t\t\t<\/div>\t\t<div class=\"entry-content\" itemprop=\"text\">\n\t\t\t\n<p>Tesshinkan-members win the following medals:\u00a0<\/p>\n\n\n\n<figure class=\"wp-block-table\"><table><tbody><tr><td>2. Platz<\/td><td>Stefanie Dahlke <\/td><td>(GER)<\/td><td>B\u014d female <\/td><td>Adult II<\/td><\/tr><tr><td>2. Platz <\/td><td>Frank Pelny<\/td><td>(GER)<\/td><td>Sai male&nbsp;<\/td><td>Senior<\/td><\/tr><tr><td>2. Platz <\/td><td>Brian Ash&nbsp;<\/td><td>(USA)<\/td><td>B\u014d male&nbsp;&nbsp;<\/td><td>Senior<\/td><\/tr><tr><td>3. Platz<\/td><td>Senna Tamayose&nbsp;&nbsp;<\/td><td>(OKI)&nbsp;<\/td><td>Sai male&nbsp;<\/td><td>12 &#8211; 14 years<\/td><\/tr><tr><td>3. Platz  <\/td><td>Stefanie Dahlke<\/td><td>(GER)&nbsp;&nbsp;<\/td><td>Sai female&nbsp;&nbsp;&nbsp;<\/td><td>Adult II<\/td><\/tr><tr><td>3. Platz &nbsp;<\/td><td>Pavel Dolgachev&nbsp;<\/td><td>(RUS)&nbsp;&nbsp;&nbsp;<\/td><td>B\u014d male<\/td><td>Adult II<\/td><\/tr><\/tbody><\/table><\/figure>\n\n\n\n<p><\/p>\n\t\t\t\t\t<\/div><!-- .entry-content -->\n\t\t\n\t\t\t\t\t<\/div><!-- .inside-article -->\n<\/article><!-- #post-## -->\n\n<article id=\"post-7044\" class=\"post-7044 post type-post status-publish format-standard hentry category-news-en\" itemtype='https:\/\/schema.org\/CreativeWork' itemscope='itemscope'>\n\t<div class=\"inside-article\">\n\t\t\t\t\n\t\t<header class=\"entry-header\">\n\t\t\t\t\t\t\t\t\t\t<h1 class=\"entry-title\" itemprop=\"headline\">New president of the Ry\u016bky\u016b Kobud\u014d Tesshinkan Ky\u014d Kai<\/h1>\t\t\t\t\t\t\t\t<\/header><!-- .entry-header -->\n\t\t\n\t\t\t\t<div class=\"entry-content\" itemprop=\"text\">\n\t\t\t\n<p>May 22nd, 2024 \u00a0 \u014czato \/ Okinawa \/ Japan<\/p>\n\n\n\n<p>After Tamayose Hidemi Sensei founded the \u201cRy\u016bky\u016b Kobud\u014d Tesshinkan Ky\u014d Kai\u201d association in 1999 and led it as president for 25 years, he now transferred the presidency of the Honbu-D\u014dj\u014d to his son Tamayose Tetsushi Shihan, who was also one of the founding members of the Tesshinkan -Association. Congratulations and good luck to Tamayose Tetsushi Kaich\u014d.<\/p>\n\n\n\n<p>Tamayose Hidemi Sensei will continue to serve as an advisor to the president.<\/p>\n\n\n\n<figure class=\"wp-block-image size-large\"><a href=\"https:\/\/kobudo-tesshinkan.eu\/wp-content\/uploads\/2024\/06\/NeuerPraesident.jpg\"><img loading=\"lazy\" decoding=\"async\" width=\"757\" height=\"1024\" src=\"https:\/\/kobudo-tesshinkan.eu\/wp-content\/uploads\/2024\/06\/NeuerPraesident-757x1024.jpg\" alt=\"\" class=\"wp-image-7042\" srcset=\"https:\/\/kobudo-tesshinkan.eu\/wp-content\/uploads\/2024\/06\/NeuerPraesident-757x1024.jpg 757w, https:\/\/kobudo-tesshinkan.eu\/wp-content\/uploads\/2024\/06\/NeuerPraesident-222x300.jpg 222w, https:\/\/kobudo-tesshinkan.eu\/wp-content\/uploads\/2024\/06\/NeuerPraesident-768x1039.jpg 768w, https:\/\/kobudo-tesshinkan.eu\/wp-content\/uploads\/2024\/06\/NeuerPraesident.jpg 827w\" sizes=\"(max-width: 757px) 100vw, 757px\" \/><\/a><\/figure>\n\n\n\n<p><\/p>\n\t\t\t\t\t<\/div><!-- .entry-content -->\n\t\t\n\t\t\t\t\t<\/div><!-- .inside-article -->\n<\/article><!-- #post-## -->\n\n<article id=\"post-7021\" class=\"post-7021 post type-post status-publish format-standard has-post-thumbnail hentry category-news-en\" itemtype='https:\/\/schema.org\/CreativeWork' itemscope='itemscope'>\n\t<div class=\"inside-article\">\n\t\t\t\t\n\t\t<header class=\"entry-header\">\n\t\t\t\t\t\t\t\t\t\t<h1 class=\"entry-title\" itemprop=\"headline\">German Championships 2024 in Ry\u016bky\u016b Kobud\u014d Tesshinkan on April 21st in Jena (GER)<\/h1>\t\t\t\t\t\t\t\t<\/header><!-- .entry-header -->\n\t\t\n\t\t<div class=\"post-image\">\n\t\t\t\t\t\t\n\t\t\t\t\t\t<a href=\"https:\/\/kobudo-tesshinkan.eu\/index.php\/en\/german-championships-2024-in-ryukyu-kobudo-tesshinkan-on-april-21st-in-jena-ger\/\">\n\t\t\t\t\t\t\t<img loading=\"lazy\" decoding=\"async\" width=\"1358\" height=\"886\" src=\"https:\/\/kobudo-tesshinkan.eu\/wp-content\/uploads\/2024\/04\/2024_DM.jpg\" class=\"attachment-full size-full wp-post-image\" alt=\"\" itemprop=\"image\" srcset=\"https:\/\/kobudo-tesshinkan.eu\/wp-content\/uploads\/2024\/04\/2024_DM.jpg 1358w, https:\/\/kobudo-tesshinkan.eu\/wp-content\/uploads\/2024\/04\/2024_DM-300x196.jpg 300w, https:\/\/kobudo-tesshinkan.eu\/wp-content\/uploads\/2024\/04\/2024_DM-1024x668.jpg 1024w, https:\/\/kobudo-tesshinkan.eu\/wp-content\/uploads\/2024\/04\/2024_DM-768x501.jpg 768w\" sizes=\"(max-width: 1358px) 100vw, 1358px\" \/>\n\t\t\t\t\t\t<\/a>\n\t\t\t\t\t<\/div>\t\t<div class=\"entry-content\" itemprop=\"text\">\n\t\t\t\n<p><\/p>\n\n\n\n<p><strong>Kata Single Dan Grade Mix<\/strong><\/p>\n\n\n\n<p>1st place \u00a0\u00a0\u00a0\u00a0\u00a0\u00a0\u00a0\u00a0\u00a0\u00a0\u00a0Doreen Schilling (Nordhausen)<\/p>\n\n\n\n<p>2nd place \u00a0\u00a0\u00a0\u00a0\u00a0\u00a0\u00a0\u00a0\u00a0 Michaela Frost (Garmisch)<\/p>\n\n\n\n<p>3rd place \u00a0\u00a0\u00a0\u00a0\u00a0\u00a0\u00a0\u00a0\u00a0\u00a0 Marius Nolte (Ilmenau)<\/p>\n\n\n\n<p>3rd place \u00a0\u00a0\u00a0\u00a0\u00a0\u00a0\u00a0\u00a0\u00a0\u00a0 Ramona Risch (Ilmenau)<\/p>\n\n\n\n<p>5th place \u00a0\u00a0\u00a0\u00a0\u00a0\u00a0\u00a0\u00a0\u00a0\u00a0 Norbert Rogge (Ilmenau)<\/p>\n\n\n\n<p><\/p>\n\n\n\n<p><strong>Kata Single Ky\u016b Grade Mix<\/strong><\/p>\n\n\n\n<p>1st place \u00a0\u00a0\u00a0\u00a0\u00a0\u00a0\u00a0\u00a0\u00a0\u00a0\u00a0Heike Prophet (Nordhausen)<\/p>\n\n\n\n<p>2nd place&nbsp;&nbsp;&nbsp;&nbsp;&nbsp;&nbsp;&nbsp;&nbsp;&nbsp;&nbsp; Kevin Freyberg (Nordhausen)<\/p>\n\n\n\n<p>3rd place \u00a0\u00a0\u00a0\u00a0\u00a0\u00a0\u00a0\u00a0\u00a0\u00a0 Robert Zinecker (Ilmenau)<\/p>\n\n\n\n<p>3rd place \u00a0\u00a0\u00a0\u00a0\u00a0\u00a0\u00a0\u00a0\u00a0\u00a0 Katrin Zoche (Leipzig)<\/p>\n\n\n\n<p><\/p>\n\n\n\n<p><strong>Yakusoku Kumite Mix<\/strong><\/p>\n\n\n\n<p>1st place \u00a0\u00a0\u00a0\u00a0\u00a0\u00a0\u00a0\u00a0\u00a0\u00a0\u00a0\u00a0Norbert Rogge + Timo Kettenbach (Ilmenau)<\/p>\n\n\n\n<p><\/p>\n\n\n\n<p><strong>B\u014d-Shiai<\/strong><\/p>\n\n\n\n<p>1st place \u00a0\u00a0\u00a0\u00a0\u00a0\u00a0\u00a0\u00a0\u00a0\u00a0\u00a0Robert Zinecker (Ilmenau)<\/p>\n\n\n\n<p>2nd place &nbsp;&nbsp;&nbsp;&nbsp;&nbsp;&nbsp;&nbsp;&nbsp;&nbsp; Kevin Freyberg (Nordhausen)<\/p>\n\t\t\t\t\t<\/div><!-- .entry-content -->\n\t\t\n\t\t\t\t\t<\/div><!-- .inside-article -->\n<\/article><!-- #post-## -->\n\n<article id=\"post-6647\" class=\"post-6647 post type-post status-publish format-standard hentry category-news-en\" itemtype='https:\/\/schema.org\/CreativeWork' itemscope='itemscope'>\n\t<div class=\"inside-article\">\n\t\t\t\t\n\t\t<header class=\"entry-header\">\n\t\t\t\t\t\t\t\t\t\t<h1 class=\"entry-title\" itemprop=\"headline\">Honor for Tamayose Hidemi<\/h1>\t\t\t\t\t\t\t\t<\/header><!-- .entry-header -->\n\t\t\n\t\t\t\t<div class=\"entry-content\" itemprop=\"text\">\n\t\t\t\n<p>On January 7, 2023, our master and association president Tamayose Hidemi was honored by Okinawa-Ken Karate-D\u00f4 Rengo Kai with the 10th DAN and the title of Hanshi in Karate-D\u00f4. The Okinawa-Ken Karate-D\u00f4 Rengo Ka is the umbrella organization of the four most important karate and kobud\u00f4 organizations on Okinawa and is subordinate to the prefectural government. A great honor and distinction!<\/p>\n\n\n\n<figure class=\"wp-block-image size-full\"><a href=\"https:\/\/kobudo-tesshinkan.eu\/wp-content\/uploads\/2023\/02\/Karate_Tamyose_Hanshi.jpg\"><img loading=\"lazy\" decoding=\"async\" width=\"728\" height=\"743\" src=\"https:\/\/kobudo-tesshinkan.eu\/wp-content\/uploads\/2023\/02\/Karate_Tamyose_Hanshi.jpg\" alt=\"\" class=\"wp-image-6640\" srcset=\"https:\/\/kobudo-tesshinkan.eu\/wp-content\/uploads\/2023\/02\/Karate_Tamyose_Hanshi.jpg 728w, https:\/\/kobudo-tesshinkan.eu\/wp-content\/uploads\/2023\/02\/Karate_Tamyose_Hanshi-294x300.jpg 294w\" sizes=\"(max-width: 728px) 100vw, 728px\" \/><\/a><\/figure>\n\n\n\n<p> <\/p>\n\t\t\t\t\t<\/div><!-- .entry-content -->\n\t\t\n\t\t\t\t\t<\/div><!-- .inside-article -->\n<\/article><!-- #post-## -->\n\n<article id=\"post-6425\" class=\"post-6425 post type-post status-publish format-standard hentry category-news-en\" itemtype='https:\/\/schema.org\/CreativeWork' itemscope='itemscope'>\n\t<div class=\"inside-article\">\n\t\t\t\t\n\t\t<header class=\"entry-header\">\n\t\t\t\t\t\t\t\t\t\t<h1 class=\"entry-title\" itemprop=\"headline\">2. Okinawa Karate World Tournament 2022<\/h1>\t\t\t\t\t\t\t\t<\/header><!-- .entry-header -->\n\t\t\n\t\t\t\t<div class=\"entry-content\" itemprop=\"text\">\n\t\t\t\n<p>1700 starters from 24 nations met in Okinawa in the Okinawa Prefectural Budokan and the Okinawa Karate Kaikan.<\/p>\n\n\n\n<p>Here are the results of the four starters of the Ry\u00fbky\u00fb Kobud\u00f4 Tesshinkan Ky\u00f4 Kai:<\/p>\n\n\n\n<p>* 1st place \/ World Champion       Stefanie Dahlke (GER)            SAI Female Adult II<\/p>\n\n\n\n<p>* 3rd place                                         Frank Pelny (GER)                   B\u00d4 Male Senior<\/p>\n\n\n\n<p>* 3rd place                                         Sebastian Edelmann (GER)   SAI Male Adult II<\/p>\n\n\n\n<p>* 5th place                                         Dan Antonsen (CAN \/ Okin)  SAI Male Senior<\/p>\n\n\n\n<p>Congratulations!<\/p>\n\n\n\n<figure class=\"wp-block-image size-full\"><a href=\"https:\/\/kobudo-tesshinkan.eu\/wp-content\/uploads\/2022\/08\/IMG_E6570_small.jpg\"><img loading=\"lazy\" decoding=\"async\" width=\"1022\" height=\"649\" src=\"https:\/\/kobudo-tesshinkan.eu\/wp-content\/uploads\/2022\/08\/IMG_E6570_small.jpg\" alt=\"\" class=\"wp-image-6470\" srcset=\"https:\/\/kobudo-tesshinkan.eu\/wp-content\/uploads\/2022\/08\/IMG_E6570_small.jpg 1022w, https:\/\/kobudo-tesshinkan.eu\/wp-content\/uploads\/2022\/08\/IMG_E6570_small-300x191.jpg 300w, https:\/\/kobudo-tesshinkan.eu\/wp-content\/uploads\/2022\/08\/IMG_E6570_small-768x488.jpg 768w\" sizes=\"(max-width: 1022px) 100vw, 1022px\" \/><\/a><\/figure>\n\t\t\t\t\t<\/div><!-- .entry-content -->\n\t\t\n\t\t\t\t\t<\/div><!-- .inside-article -->\n<\/article><!-- #post-## -->\n\n<article id=\"post-6308\" class=\"post-6308 post type-post status-publish format-standard hentry category-news-en\" itemtype='https:\/\/schema.org\/CreativeWork' itemscope='itemscope'>\n\t<div class=\"inside-article\">\n\t\t\t\t\n\t\t<header class=\"entry-header\">\n\t\t\t\t\t\t\t\t\t\t<h1 class=\"entry-title\" itemprop=\"headline\">Mourning for\u00a0Donald Shapland Ky\u00f4shi<\/h1>\t\t\t\t\t\t\t\t<\/header><!-- .entry-header -->\n\t\t\n\t\t\t\t<div class=\"entry-content\" itemprop=\"text\">\n\t\t\t\n<div class=\"wp-block-columns is-layout-flex wp-container-core-columns-is-layout-1 wp-block-columns-is-layout-flex\">\n<div class=\"wp-block-column is-layout-flow wp-block-column-is-layout-flow\" style=\"flex-basis:33.33%\">\n<figure class=\"wp-block-image size-large\"><a href=\"https:\/\/kobudo-tesshinkan.eu\/wp-content\/uploads\/2022\/06\/Shapland-scaled.jpg\"><img loading=\"lazy\" decoding=\"async\" width=\"470\" height=\"1024\" src=\"https:\/\/kobudo-tesshinkan.eu\/wp-content\/uploads\/2022\/06\/Shapland-470x1024.jpg\" alt=\"\" class=\"wp-image-6307\" srcset=\"https:\/\/kobudo-tesshinkan.eu\/wp-content\/uploads\/2022\/06\/Shapland-470x1024.jpg 470w, https:\/\/kobudo-tesshinkan.eu\/wp-content\/uploads\/2022\/06\/Shapland-138x300.jpg 138w, https:\/\/kobudo-tesshinkan.eu\/wp-content\/uploads\/2022\/06\/Shapland-768x1674.jpg 768w, https:\/\/kobudo-tesshinkan.eu\/wp-content\/uploads\/2022\/06\/Shapland-705x1536.jpg 705w, https:\/\/kobudo-tesshinkan.eu\/wp-content\/uploads\/2022\/06\/Shapland-940x2048.jpg 940w, https:\/\/kobudo-tesshinkan.eu\/wp-content\/uploads\/2022\/06\/Shapland-scaled.jpg 1175w\" sizes=\"(max-width: 470px) 100vw, 470px\" \/><\/a><\/figure>\n<\/div>\n\n\n\n<div class=\"wp-block-column is-layout-flow wp-block-column-is-layout-flow\" style=\"flex-basis:66.66%\">\n<p><\/p>\n\n\n\n<p>Dear members of our Tesshinkan family,<\/p>\n\n\n\n<p><\/p>\n\n\n\n<p>Our Canadian friend Donald Shapland Kyoshi passed away on Sunday evening (June 19) after long illness.<\/p>\n\n\n\n<p>Shapland Sensei lived in Okinawa for many years, was a close friend of our master Tamayose Hidemi and a founding member of the Tesshinkan association.  He brought the Tesshinkan Kobud\u00f4 to Canada and spent his whole life helping to spread the Ry\u00fbky\u00fb Kobud\u00f4 Tesshinkan.  <\/p>\n\n\n\n<p>Many of us train daily with the Kobud\u00f4 weapons he made. His heart burned for Tesshinkan.  &nbsp;<\/p>\n\n\n\n<p>Please commemorate him and his work with a Kobud\u00f4 training.<\/p>\n\n\n\n<p><\/p>\n\n\n\n<p>Yoroshiku onegaishimasu<\/p>\n\n\n\n<p>Frank Pelny<\/p>\n<\/div>\n<\/div>\n\n\n\n<p><\/p>\n\t\t\t\t\t<\/div><!-- .entry-content -->\n\t\t\n\t\t\t\t\t<\/div><!-- .inside-article -->\n<\/article><!-- #post-## -->\n\n<article id=\"post-6242\" class=\"post-6242 post type-post status-publish format-standard hentry category-news-en\" itemtype='https:\/\/schema.org\/CreativeWork' itemscope='itemscope'>\n\t<div class=\"inside-article\">\n\t\t\t\t\n\t\t<header class=\"entry-header\">\n\t\t\t\t\t\t\t\t\t\t<h1 class=\"entry-title\" itemprop=\"headline\">Volume 5 of the book series &#8222;Ry\u00fbky\u00fb Kobud\u00f4 Tesshinkan\u201c published<\/h1>\t\t\t\t\t\t\t\t<\/header><!-- .entry-header -->\n\t\t\n\t\t\t\t<div class=\"entry-content\" itemprop=\"text\">\n\t\t\t\n<div class=\"wp-block-columns is-layout-flex wp-container-core-columns-is-layout-3 wp-block-columns-is-layout-flex\">\n<div class=\"wp-block-column is-layout-flow wp-block-column-is-layout-flow\" style=\"flex-basis:5%\"><\/div>\n\n\n\n<div class=\"wp-block-column is-layout-flow wp-block-column-is-layout-flow\" style=\"flex-basis:85%\">\n<div class=\"wp-block-columns is-layout-flex wp-container-core-columns-is-layout-2 wp-block-columns-is-layout-flex\">\n<div class=\"wp-block-column is-layout-flow wp-block-column-is-layout-flow\">\n<figure class=\"wp-block-image size-large\"><a href=\"https:\/\/kobudo-tesshinkan.eu\/wp-content\/uploads\/2021\/11\/U1_edited-scaled.jpg\"><img loading=\"lazy\" decoding=\"async\" width=\"705\" height=\"1024\" src=\"https:\/\/kobudo-tesshinkan.eu\/wp-content\/uploads\/2021\/11\/U1_edited-705x1024.jpg\" alt=\"Cover Teil 5\" class=\"wp-image-6118\" srcset=\"https:\/\/kobudo-tesshinkan.eu\/wp-content\/uploads\/2021\/11\/U1_edited-705x1024.jpg 705w, https:\/\/kobudo-tesshinkan.eu\/wp-content\/uploads\/2021\/11\/U1_edited-207x300.jpg 207w, https:\/\/kobudo-tesshinkan.eu\/wp-content\/uploads\/2021\/11\/U1_edited-768x1115.jpg 768w, https:\/\/kobudo-tesshinkan.eu\/wp-content\/uploads\/2021\/11\/U1_edited-1058x1536.jpg 1058w, https:\/\/kobudo-tesshinkan.eu\/wp-content\/uploads\/2021\/11\/U1_edited-1410x2048.jpg 1410w, https:\/\/kobudo-tesshinkan.eu\/wp-content\/uploads\/2021\/11\/U1_edited-scaled.jpg 1763w\" sizes=\"(max-width: 705px) 100vw, 705px\" \/><\/a><\/figure>\n<\/div>\n\n\n\n<div class=\"wp-block-column is-layout-flow wp-block-column-is-layout-flow\">\n<p><\/p>\n\n\n\n<p>This fifth volume in the book series \u201cRY\u00dbKY\u00db KOBUD\u00d4 TESSHINKAN\u201d completes the description of the original fighting system from Okinawa. <\/p>\n\n\n\n<p>In addition to parts 1-3 and\u00a0the compendium, no technical processes are described in this book, but the underlying biomechanical concepts are explained in a generally understandable manner.<br><\/p>\n\n\n\n<p>352 pages&nbsp;<br>German \/ English \/ Russian<br>ISBN: &nbsp; 978-3-7375-1129-2&nbsp;<br>price: &nbsp; 42,00 EURO + shipping<\/p>\n\n\n\n<p><\/p>\n<\/div>\n<\/div>\n<\/div>\n\n\n\n<div class=\"wp-block-column is-layout-flow wp-block-column-is-layout-flow\" style=\"flex-basis:10%\"><\/div>\n<\/div>\n\n\n\n<p><\/p>\n\t\t\t\t\t<\/div><!-- .entry-content -->\n\t\t\n\t\t\t\t\t<\/div><!-- .inside-article -->\n<\/article><!-- #post-## -->\n\n<article id=\"post-6006\" class=\"post-6006 post type-post status-publish format-standard hentry category-news-en\" itemtype='https:\/\/schema.org\/CreativeWork' itemscope='itemscope'>\n\t<div class=\"inside-article\">\n\t\t\t\t\n\t\t<header class=\"entry-header\">\n\t\t\t\t\t\t\t\t\t\t<h1 class=\"entry-title\" itemprop=\"headline\">Mourning for Fernando Ant\u00f4nio Bastos Neto<\/h1>\t\t\t\t\t\t\t\t<\/header><!-- .entry-header -->\n\t\t\n\t\t\t\t<div class=\"entry-content\" itemprop=\"text\">\n\t\t\t\n<div class=\"wp-block-columns is-layout-flex wp-container-core-columns-is-layout-4 wp-block-columns-is-layout-flex\">\n<div class=\"wp-block-column is-layout-flow wp-block-column-is-layout-flow\" style=\"flex-basis:33.33%\">\n<figure class=\"wp-block-image size-large\"><a href=\"https:\/\/kobudo-tesshinkan.eu\/wp-content\/uploads\/2021\/05\/2021_05_05_Fernando_Bastos-e1620473358763.jpg\"><img loading=\"lazy\" decoding=\"async\" width=\"541\" height=\"1024\" src=\"https:\/\/kobudo-tesshinkan.eu\/wp-content\/uploads\/2021\/05\/2021_05_05_Fernando_Bastos-541x1024.jpg\" alt=\"\" class=\"wp-image-6002\"\/><\/a><\/figure>\n<\/div>\n\n\n\n<div class=\"wp-block-column is-layout-flow wp-block-column-is-layout-flow\" style=\"flex-basis:66.66%\">\n<p>Dear members of our Tesshinkan family,<\/p>\n\n\n\n<p>It was with great sadness and consternation that I received the news today that our friend Fernando Ant\u00f4nio Bastos Neto from Brazil has succumbed to the Covid-19 virus.<\/p>\n\n\n\n<p>Fernando Sensei was 5th Dan Karate Sh\u00f4t\u00f4kan and 3rd Dan Karate G\u00f4j\u00fb-Ry\u00fb. In 2019 he organized the first Tesshinkan seminar in Brazil and thus in Latin America, to which he had invited me as a lecturer.<\/p>\n\n\n\n<p>I got to know Fernando Sensei as a real martial arts master who worked with a lot of love and commitment to spread our art. He brought the Tesshinkan Kobud\u00f4 to Brazil.<\/p>\n\n\n\n<p>His death is a great loss to the martial arts community.<\/p>\n\n\n\n<p>I bow to him and I will always remember him.<\/p>\n\n\n\n<p>Please remember him for a moment too.<\/p>\n\n\n\n<p>Please all stay healthy and never give up hope.<\/p>\n\n\n\n<p>All the best for you and your families.<\/p>\n\n\n\n<p>Yoroshiku onegaishimasu<\/p>\n\n\n\n<p>Frank Pelny<\/p>\n<\/div>\n<\/div>\n\n\n\n<hr class=\"wp-block-separator\"\/>\n\n\n\n<div class=\"wp-block-columns is-layout-flex wp-container-core-columns-is-layout-5 wp-block-columns-is-layout-flex\">\n<div class=\"wp-block-column is-layout-flow wp-block-column-is-layout-flow\" style=\"flex-basis:66.66%\">\n<p><\/p>\n\n\n\n<p>Our association president, Tamayose Hidemi (10. Dan) from Okinawa, send this words and presented a picture of Fernando Neto Sensei in his d\u00f4j\u00f4:<\/p>\n\n\n\n<p><br><em>&#8222;I would like to express my deepest sympathy on the passing of Mr.\u00a0Fernando Ant\u00f4nio Bastos Neto. He was a truly good Karate-ka and we are proud to have him under our Tesshinkan members. Please convey our sincerest condolences to his family.\u201c<\/em><\/p>\n<\/div>\n\n\n\n<div class=\"wp-block-column is-layout-flow wp-block-column-is-layout-flow\" style=\"flex-basis:33.33%\">\n<figure class=\"wp-block-image size-large is-resized\"><a href=\"https:\/\/kobudo-tesshinkan.eu\/wp-content\/uploads\/2021\/05\/Tamayose_1.jpg\"><img loading=\"lazy\" decoding=\"async\" src=\"https:\/\/kobudo-tesshinkan.eu\/wp-content\/uploads\/2021\/05\/Tamayose_1.jpg\" alt=\"\" class=\"wp-image-6013\" width=\"281\" height=\"224\" srcset=\"https:\/\/kobudo-tesshinkan.eu\/wp-content\/uploads\/2021\/05\/Tamayose_1.jpg 1023w, https:\/\/kobudo-tesshinkan.eu\/wp-content\/uploads\/2021\/05\/Tamayose_1-300x240.jpg 300w, https:\/\/kobudo-tesshinkan.eu\/wp-content\/uploads\/2021\/05\/Tamayose_1-768x614.jpg 768w\" sizes=\"(max-width: 281px) 100vw, 281px\" \/><\/a><figcaption>Sensei Tamayose Hidemi (10. Dan)<\/figcaption><\/figure>\n<\/div>\n<\/div>\n\t\t\t\t\t<\/div><!-- .entry-content -->\n\t\t\n\t\t\t\t\t<\/div><!-- .inside-article -->\n<\/article><!-- #post-## -->\n\n<article id=\"post-5815\" class=\"post-5815 post type-post status-publish format-standard has-post-thumbnail hentry category-news-en\" itemtype='https:\/\/schema.org\/CreativeWork' itemscope='itemscope'>\n\t<div class=\"inside-article\">\n\t\t\t\t\n\t\t<header class=\"entry-header\">\n\t\t\t\t\t\t\t\t\t\t<h1 class=\"entry-title\" itemprop=\"headline\">Thuringia Open 2020<\/h1>\t\t\t\t\t\t\t\t<\/header><!-- .entry-header -->\n\t\t\n\t\t<div class=\"post-image\">\n\t\t\t\t\t\t\n\t\t\t\t\t\t<a href=\"https:\/\/kobudo-tesshinkan.eu\/index.php\/en\/thuringia-open-2020-2\/\">\n\t\t\t\t\t\t\t<img loading=\"lazy\" decoding=\"async\" width=\"1772\" height=\"1181\" src=\"https:\/\/kobudo-tesshinkan.eu\/wp-content\/uploads\/2020\/10\/2020-09-Thuringia-Open.jpg\" class=\"attachment-full size-full wp-post-image\" alt=\"\" itemprop=\"image\" srcset=\"https:\/\/kobudo-tesshinkan.eu\/wp-content\/uploads\/2020\/10\/2020-09-Thuringia-Open.jpg 1772w, https:\/\/kobudo-tesshinkan.eu\/wp-content\/uploads\/2020\/10\/2020-09-Thuringia-Open-300x200.jpg 300w, https:\/\/kobudo-tesshinkan.eu\/wp-content\/uploads\/2020\/10\/2020-09-Thuringia-Open-1024x682.jpg 1024w, https:\/\/kobudo-tesshinkan.eu\/wp-content\/uploads\/2020\/10\/2020-09-Thuringia-Open-768x512.jpg 768w, https:\/\/kobudo-tesshinkan.eu\/wp-content\/uploads\/2020\/10\/2020-09-Thuringia-Open-1536x1024.jpg 1536w, https:\/\/kobudo-tesshinkan.eu\/wp-content\/uploads\/2020\/10\/2020-09-Thuringia-Open-272x182.jpg 272w\" sizes=\"(max-width: 1772px) 100vw, 1772px\" \/>\n\t\t\t\t\t\t<\/a>\n\t\t\t\t\t<\/div>\t\t<div class=\"entry-content\" itemprop=\"text\">\n\t\t\t\n<p>The Thuringia Open took place in P\u00f6\u00dfneck (GER) on September 19, 2020.<\/p>\n\n\n\n<h3 class=\"wp-block-heading\">One-piece weapons<\/h3>\n\n\n\n<ul><li>1st place \/ m &#8211; Sebastian Edelmann<\/li><li>2nd place \/ m &#8211; David Hornig<\/li><li>3rd place \/ m &#8211; Jan Laubrich<\/li><\/ul>\n\n\n\n<ul><li>1st place \/ f &#8211; Stefanie Grzeja<\/li><li>2nd place \/ f &#8211; Hj\u00f6rdis Kr\u00e4ker<\/li><\/ul>\n\n\n\n<h3 class=\"wp-block-heading\">Two-part weapons<\/h3>\n\n\n\n<ul><li>1st place &#8211; Sebastian Edelmann<\/li><li>2nd place &#8211; Stefanie Grzeja<\/li><li>3rd place &#8211; David Hornig<\/li><\/ul>\n\t\t\t\t\t<\/div><!-- .entry-content -->\n\t\t\n\t\t\t\t\t<\/div><!-- .inside-article -->\n<\/article><!-- #post-## -->\n\n<article id=\"post-5684\" class=\"post-5684 post type-post status-publish format-standard has-post-thumbnail hentry category-news-en\" itemtype='https:\/\/schema.org\/CreativeWork' itemscope='itemscope'>\n\t<div class=\"inside-article\">\n\t\t\t\t\n\t\t<header class=\"entry-header\">\n\t\t\t\t\t\t\t\t\t\t<h1 class=\"entry-title\" itemprop=\"headline\">International Online Karate and Kobud\u00f4 Tournament<\/h1>\t\t\t\t\t\t\t\t<\/header><!-- .entry-header -->\n\t\t\n\t\t<div class=\"post-image\">\n\t\t\t\t\t\t\n\t\t\t\t\t\t<a href=\"https:\/\/kobudo-tesshinkan.eu\/index.php\/en\/international-online-karate-and-kobudo-tournament\/\">\n\t\t\t\t\t\t\t<img loading=\"lazy\" decoding=\"async\" width=\"1120\" height=\"735\" src=\"https:\/\/kobudo-tesshinkan.eu\/wp-content\/uploads\/2020\/05\/2020_05_medals.jpg\" class=\"attachment-full size-full wp-post-image\" alt=\"\" itemprop=\"image\" srcset=\"https:\/\/kobudo-tesshinkan.eu\/wp-content\/uploads\/2020\/05\/2020_05_medals.jpg 1120w, https:\/\/kobudo-tesshinkan.eu\/wp-content\/uploads\/2020\/05\/2020_05_medals-300x197.jpg 300w, https:\/\/kobudo-tesshinkan.eu\/wp-content\/uploads\/2020\/05\/2020_05_medals-1024x672.jpg 1024w, https:\/\/kobudo-tesshinkan.eu\/wp-content\/uploads\/2020\/05\/2020_05_medals-768x504.jpg 768w\" sizes=\"(max-width: 1120px) 100vw, 1120px\" \/>\n\t\t\t\t\t\t<\/a>\n\t\t\t\t\t<\/div>\t\t<div class=\"entry-content\" itemprop=\"text\">\n\t\t\t\n<p>An International Online Karate and Kobud\u00f4 Tournament was held, with about 200 participants from 37 regions of the Russian Federation, as well as from Donetsk People&#8217;s Republic and Kazakhstan. Representatives of Tesshinkan participated in kobudo competitions and became champions.<\/p>\n\n\n\n<p class=\"read-more-container\"><a title=\"International Online Karate and Kobud\u00f4 Tournament\" class=\"read-more content-read-more\" href=\"https:\/\/kobudo-tesshinkan.eu\/index.php\/en\/international-online-karate-and-kobudo-tournament\/#more-5684\" aria-label=\"Mehr Informationen \u00fcber International Online Karate and Kobud\u00f4 Tournament\">Weiterlesen<\/a><\/p>\t\t\t\t\t<\/div><!-- .entry-content -->\n\t\t\n\t\t\t\t\t<\/div><!-- .inside-article -->\n<\/article><!-- #post-## -->\n\n<article id=\"post-5639\" class=\"post-5639 post type-post status-publish format-standard has-post-thumbnail hentry category-news-en\" itemtype='https:\/\/schema.org\/CreativeWork' itemscope='itemscope'>\n\t<div class=\"inside-article\">\n\t\t\t\t\n\t\t<header class=\"entry-header\">\n\t\t\t\t\t\t\t\t\t\t<h1 class=\"entry-title\" itemprop=\"headline\">Newspaper Article from Semiluki<\/h1>\t\t\t\t\t\t\t\t<\/header><!-- .entry-header -->\n\t\t\n\t\t<div class=\"post-image\">\n\t\t\t\t\t\t\n\t\t\t\t\t\t<a href=\"https:\/\/kobudo-tesshinkan.eu\/index.php\/en\/newspaper-article-from-semiluki\/\">\n\t\t\t\t\t\t\t<img loading=\"lazy\" decoding=\"async\" width=\"3508\" height=\"2225\" src=\"https:\/\/kobudo-tesshinkan.eu\/wp-content\/uploads\/2019\/11\/2019_11_15_Semiluki_newspaper.jpg\" class=\"attachment-full size-full wp-post-image\" alt=\"\" itemprop=\"image\" srcset=\"https:\/\/kobudo-tesshinkan.eu\/wp-content\/uploads\/2019\/11\/2019_11_15_Semiluki_newspaper.jpg 3508w, https:\/\/kobudo-tesshinkan.eu\/wp-content\/uploads\/2019\/11\/2019_11_15_Semiluki_newspaper-300x190.jpg 300w, https:\/\/kobudo-tesshinkan.eu\/wp-content\/uploads\/2019\/11\/2019_11_15_Semiluki_newspaper-768x487.jpg 768w, https:\/\/kobudo-tesshinkan.eu\/wp-content\/uploads\/2019\/11\/2019_11_15_Semiluki_newspaper-1024x649.jpg 1024w\" sizes=\"(max-width: 3508px) 100vw, 3508px\" \/>\n\t\t\t\t\t\t<\/a>\n\t\t\t\t\t<\/div>\t\t<div class=\"entry-content\" itemprop=\"text\">\n\t\t\t\n<figure class=\"wp-block-image\"><a href=\"https:\/\/kobudo-tesshinkan.eu\/wp-content\/uploads\/2019\/11\/2019_11_15_Semiluki_newspaper.jpg\" target=\"_blank\" rel=\"noreferrer noopener\"><img loading=\"lazy\" decoding=\"async\" width=\"1024\" height=\"649\" src=\"https:\/\/kobudo-tesshinkan.eu\/wp-content\/uploads\/2019\/11\/2019_11_15_Semiluki_newspaper-1024x649.jpg\" alt=\"\" class=\"wp-image-5633\" srcset=\"https:\/\/kobudo-tesshinkan.eu\/wp-content\/uploads\/2019\/11\/2019_11_15_Semiluki_newspaper-1024x649.jpg 1024w, https:\/\/kobudo-tesshinkan.eu\/wp-content\/uploads\/2019\/11\/2019_11_15_Semiluki_newspaper-300x190.jpg 300w, https:\/\/kobudo-tesshinkan.eu\/wp-content\/uploads\/2019\/11\/2019_11_15_Semiluki_newspaper-768x487.jpg 768w\" sizes=\"(max-width: 1024px) 100vw, 1024px\" \/><\/a><\/figure>\n\t\t\t\t\t<\/div><!-- .entry-content -->\n\t\t\n\t\t\t\t\t<\/div><!-- .inside-article -->\n<\/article><!-- #post-## -->\n\n<article id=\"post-5478\" class=\"post-5478 post type-post status-publish format-standard has-post-thumbnail hentry category-news-en\" itemtype='https:\/\/schema.org\/CreativeWork' itemscope='itemscope'>\n\t<div class=\"inside-article\">\n\t\t\t\t\n\t\t<header class=\"entry-header\">\n\t\t\t\t\t\t\t\t\t\t<h1 class=\"entry-title\" itemprop=\"headline\">2019 Okinawa Traditional Kobudo World Tournament<\/h1>\t\t\t\t\t\t\t\t<\/header><!-- .entry-header -->\n\t\t\n\t\t<div class=\"post-image\">\n\t\t\t\t\t\t\n\t\t\t\t\t\t<a href=\"https:\/\/kobudo-tesshinkan.eu\/index.php\/en\/2019-okinawa-traditional-kobudo-world-tournament-2\/\">\n\t\t\t\t\t\t\t<img loading=\"lazy\" decoding=\"async\" width=\"1575\" height=\"1181\" src=\"https:\/\/kobudo-tesshinkan.eu\/wp-content\/uploads\/2019\/08\/2019_Tournament.jpg\" class=\"attachment-full size-full wp-post-image\" alt=\"\" itemprop=\"image\" srcset=\"https:\/\/kobudo-tesshinkan.eu\/wp-content\/uploads\/2019\/08\/2019_Tournament.jpg 1575w, https:\/\/kobudo-tesshinkan.eu\/wp-content\/uploads\/2019\/08\/2019_Tournament-300x225.jpg 300w, https:\/\/kobudo-tesshinkan.eu\/wp-content\/uploads\/2019\/08\/2019_Tournament-768x576.jpg 768w, https:\/\/kobudo-tesshinkan.eu\/wp-content\/uploads\/2019\/08\/2019_Tournament-1024x768.jpg 1024w\" sizes=\"(max-width: 1575px) 100vw, 1575px\" \/>\n\t\t\t\t\t\t<\/a>\n\t\t\t\t\t<\/div>\t\t<div class=\"entry-content\" itemprop=\"text\">\n\t\t\t\n<p>Achievements for the Tesshinkan Ky\u00f4 Kai:<\/p>\n\n\n\n<p>World Champion:<\/p>\n\n\n\n<ul><li>Hagen Walter (GER) &#8211; Sai adult I male<\/li><li>Sergei Miroutenko (BLR) &#8211; B\u00f4 Senior male<\/li><\/ul>\n\n\n\n<p>Vice World Champion:<\/p>\n\n\n\n<ul><li>Igor Miroutenko (BLR) &#8211; Sai Adult I male<\/li><li>Dan Antonsen (CA) &#8211; Sai Senior male<\/li><\/ul>\n\n\n\n<p>3rd places:<\/p>\n\n\n\n<ul><li>Lisa Ash (USA) &#8211; B\u00f4 Senior female<\/li><li>Sarah Hardjowasito (CA) &#8211; Sai Adult I female<\/li><\/ul>\n\n\n\n<p>4th places:<\/p>\n\n\n\n<ul><li> Michaela Frost (GER) &#8211; Sai Adult I female<\/li><li>Martin M\u00e4hler (GER) &#8211; Sai Adult I male<\/li><\/ul>\n\t\t\t\t\t<\/div><!-- .entry-content -->\n\t\t\n\t\t\t\t\t<\/div><!-- .inside-article -->\n<\/article><!-- #post-## -->\n\n<article id=\"post-5468\" class=\"post-5468 post type-post status-publish format-standard has-post-thumbnail hentry category-news-en\" itemtype='https:\/\/schema.org\/CreativeWork' itemscope='itemscope'>\n\t<div class=\"inside-article\">\n\t\t\t\t\n\t\t<header class=\"entry-header\">\n\t\t\t\t\t\t\t\t\t\t<h1 class=\"entry-title\" itemprop=\"headline\">Tesshinkan Honorary Award<\/h1>\t\t\t\t\t\t\t\t<\/header><!-- .entry-header -->\n\t\t\n\t\t<div class=\"post-image\">\n\t\t\t\t\t\t\n\t\t\t\t\t\t<a href=\"https:\/\/kobudo-tesshinkan.eu\/index.php\/en\/tesshinkan-honorary-award\/\">\n\t\t\t\t\t\t\t<img loading=\"lazy\" decoding=\"async\" width=\"1575\" height=\"1181\" src=\"https:\/\/kobudo-tesshinkan.eu\/wp-content\/uploads\/2019\/08\/2019_Award.jpg\" class=\"attachment-full size-full wp-post-image\" alt=\"\" itemprop=\"image\" srcset=\"https:\/\/kobudo-tesshinkan.eu\/wp-content\/uploads\/2019\/08\/2019_Award.jpg 1575w, https:\/\/kobudo-tesshinkan.eu\/wp-content\/uploads\/2019\/08\/2019_Award-300x225.jpg 300w, https:\/\/kobudo-tesshinkan.eu\/wp-content\/uploads\/2019\/08\/2019_Award-768x576.jpg 768w, https:\/\/kobudo-tesshinkan.eu\/wp-content\/uploads\/2019\/08\/2019_Award-1024x768.jpg 1024w\" sizes=\"(max-width: 1575px) 100vw, 1575px\" \/>\n\t\t\t\t\t\t<\/a>\n\t\t\t\t\t<\/div>\t\t<div class=\"entry-content\" itemprop=\"text\">\n\t\t\t\n<p>On July 21, 2019, the Celebration of the 20th anniversary of the  founding of the Ryukyu Kobudo Kai Tesshinkan Ky\u00f4 took place on Okinawa.  With an Honorary Award were awarded by Tamayose Kaich\u00f4:<\/p>\n\n\n\n<ul><li>Uehara, Kensyu (JP)<\/li><li>Shapland, Donald (CA)<\/li><li>Clayton, Frank (CA)<\/li><li>Pelny, Frank (GER)<\/li><\/ul>\n\t\t\t\t\t<\/div><!-- .entry-content -->\n\t\t\n\t\t\t\t\t<\/div><!-- .inside-article -->\n<\/article><!-- #post-## -->\n\n<article id=\"post-1931\" class=\"post-1931 post type-post status-publish format-standard has-post-thumbnail hentry category-news-en\" itemtype='https:\/\/schema.org\/CreativeWork' itemscope='itemscope'>\n\t<div class=\"inside-article\">\n\t\t\t\t\n\t\t<header class=\"entry-header\">\n\t\t\t\t\t\t\t\t\t\t<h1 class=\"entry-title\" itemprop=\"headline\">TESSHINKAN-athletes from Tomsk (RUS \/ Siberia) wins at the 3rd European Karate Championchip in Orel (RUS) in Kobud\u00f4!<\/h1>\t\t\t\t\t\t\t\t<\/header><!-- .entry-header -->\n\t\t\n\t\t<div class=\"post-image\">\n\t\t\t\t\t\t\n\t\t\t\t\t\t<a href=\"https:\/\/kobudo-tesshinkan.eu\/index.php\/en\/tesshinkan-athletes-from-tomsk-rus-siberia-wins-at-the-3rd-european-karate-championchip-in-orel-rus-in-kobudo-3\/\">\n\t\t\t\t\t\t\t<img loading=\"lazy\" decoding=\"async\" width=\"827\" height=\"1169\" src=\"https:\/\/kobudo-tesshinkan.eu\/wp-content\/uploads\/2019\/01\/news-2018-10-orel-01.jpg\" class=\"attachment-full size-full wp-post-image\" alt=\"\" itemprop=\"image\" srcset=\"https:\/\/kobudo-tesshinkan.eu\/wp-content\/uploads\/2019\/01\/news-2018-10-orel-01.jpg 827w, https:\/\/kobudo-tesshinkan.eu\/wp-content\/uploads\/2019\/01\/news-2018-10-orel-01-212x300.jpg 212w, https:\/\/kobudo-tesshinkan.eu\/wp-content\/uploads\/2019\/01\/news-2018-10-orel-01-400x565.jpg 400w, https:\/\/kobudo-tesshinkan.eu\/wp-content\/uploads\/2019\/01\/news-2018-10-orel-01-724x1024.jpg 724w\" sizes=\"(max-width: 827px) 100vw, 827px\" \/>\n\t\t\t\t\t\t<\/a>\n\t\t\t\t\t<\/div>\t\t<div class=\"entry-content\" itemprop=\"text\">\n\t\t\t\n<ul><li>1st place &#8211; Kobud\u00f4 16-17 years &#8211; Sergei Poturaev<\/li><li>2nd place &#8211; Kobud\u00f4 18-20 years &#8211; Daria Sandakova<\/li><li>2nd place &#8211; Kobud\u00f4 12-13 years &#8211; Ivan Timonin<\/li><li>news-2018-10-orel-013rd place &#8211; Kobud\u00f4 12-13 years &#8211; Stephan Osinenko<\/li><\/ul>\n\t\t\t\t\t<\/div><!-- .entry-content -->\n\t\t\n\t\t\t\t\t<\/div><!-- .inside-article -->\n<\/article><!-- #post-## -->\n\n<article id=\"post-1945\" class=\"post-1945 post type-post status-publish format-standard has-post-thumbnail hentry category-news-en\" itemtype='https:\/\/schema.org\/CreativeWork' itemscope='itemscope'>\n\t<div class=\"inside-article\">\n\t\t\t\t\n\t\t<header class=\"entry-header\">\n\t\t\t\t\t\t\t\t\t\t<h1 class=\"entry-title\" itemprop=\"headline\">Results of &#8222;The 1st Okinawa Karate International Tournament&#8220; in Naha \/ Okinawa<\/h1>\t\t\t\t\t\t\t\t<\/header><!-- .entry-header -->\n\t\t\n\t\t<div class=\"post-image\">\n\t\t\t\t\t\t\n\t\t\t\t\t\t<a href=\"https:\/\/kobudo-tesshinkan.eu\/index.php\/en\/results-of-the-1st-okinawa-karate-international-tournament-in-naha-okinawa\/\">\n\t\t\t\t\t\t\t<img loading=\"lazy\" decoding=\"async\" width=\"886\" height=\"591\" src=\"https:\/\/kobudo-tesshinkan.eu\/wp-content\/uploads\/2019\/01\/report-2018-07-okinawa-11.jpg\" class=\"attachment-full size-full wp-post-image\" alt=\"\" itemprop=\"image\" srcset=\"https:\/\/kobudo-tesshinkan.eu\/wp-content\/uploads\/2019\/01\/report-2018-07-okinawa-11.jpg 886w, https:\/\/kobudo-tesshinkan.eu\/wp-content\/uploads\/2019\/01\/report-2018-07-okinawa-11-300x200.jpg 300w, https:\/\/kobudo-tesshinkan.eu\/wp-content\/uploads\/2019\/01\/report-2018-07-okinawa-11-400x267.jpg 400w, https:\/\/kobudo-tesshinkan.eu\/wp-content\/uploads\/2019\/01\/report-2018-07-okinawa-11-272x182.jpg 272w\" sizes=\"(max-width: 886px) 100vw, 886px\" \/>\n\t\t\t\t\t\t<\/a>\n\t\t\t\t\t<\/div>\t\t<div class=\"entry-content\" itemprop=\"text\">\n\t\t\t\n<ul><li>1. Place Hagen Walter (SAI ADULT I MALE)<\/li><li>4. Place Michaela Frost (SAI ADULT I FEMALE)<\/li><li>5. Place Sebastian Edelmann (SAI ADULT I MALE)<\/li><li>5. Place Martin M\u00e4hler (SAI ADULT I MALE)<\/li><\/ul>\n\t\t\t\t\t<\/div><!-- .entry-content -->\n\t\t\n\t\t\t\t\t<\/div><!-- .inside-article -->\n<\/article><!-- #post-## -->\n\n<article id=\"post-1938\" class=\"post-1938 post type-post status-publish format-standard has-post-thumbnail hentry category-news-en\" itemtype='https:\/\/schema.org\/CreativeWork' itemscope='itemscope'>\n\t<div class=\"inside-article\">\n\t\t\t\t\n\t\t<header class=\"entry-header\">\n\t\t\t\t\t\t\t\t\t\t<h1 class=\"entry-title\" itemprop=\"headline\">Tesshinkan Shihan-Menkyo for Frank Pelny (GER)<\/h1>\t\t\t\t\t\t\t\t<\/header><!-- .entry-header -->\n\t\t\n\t\t<div class=\"post-image\">\n\t\t\t\t\t\t\n\t\t\t\t\t\t<a href=\"https:\/\/kobudo-tesshinkan.eu\/index.php\/en\/tesshinkan-shihan-menkyo-for-frank-pelny-ger\/\">\n\t\t\t\t\t\t\t<img loading=\"lazy\" decoding=\"async\" width=\"425\" height=\"300\" src=\"https:\/\/kobudo-tesshinkan.eu\/wp-content\/uploads\/2019\/01\/news-2018-08-shihan.jpg\" class=\"attachment-full size-full wp-post-image\" alt=\"\" itemprop=\"image\" srcset=\"https:\/\/kobudo-tesshinkan.eu\/wp-content\/uploads\/2019\/01\/news-2018-08-shihan.jpg 425w, https:\/\/kobudo-tesshinkan.eu\/wp-content\/uploads\/2019\/01\/news-2018-08-shihan-300x212.jpg 300w, https:\/\/kobudo-tesshinkan.eu\/wp-content\/uploads\/2019\/01\/news-2018-08-shihan-400x282.jpg 400w\" sizes=\"(max-width: 425px) 100vw, 425px\" \/>\n\t\t\t\t\t\t<\/a>\n\t\t\t\t\t<\/div>\t\t<div class=\"entry-content\" itemprop=\"text\">\n\t\t\t\t\t\t\t\t<\/div><!-- .entry-content -->\n\t\t\n\t\t\t\t\t<\/div><!-- .inside-article -->\n<\/article><!-- #post-## -->\n\n<article id=\"post-5156\" class=\"post-5156 post type-post status-publish format-standard has-post-thumbnail hentry category-news-en\" itemtype='https:\/\/schema.org\/CreativeWork' itemscope='itemscope'>\n\t<div class=\"inside-article\">\n\t\t\t\t\n\t\t<header class=\"entry-header\">\n\t\t\t\t\t\t\t\t\t\t<h1 class=\"entry-title\" itemprop=\"headline\">TESSHINKAN-athletes from Belarus wins at the FUDOKAN World-Championships in Cluj-Napoka (RO) in Kobud\u00f4!<\/h1>\t\t\t\t\t\t\t\t<\/header><!-- .entry-header -->\n\t\t\n\t\t<div class=\"post-image\">\n\t\t\t\t\t\t\n\t\t\t\t\t\t<a href=\"https:\/\/kobudo-tesshinkan.eu\/index.php\/en\/tesshinkan-athletes-from-belarus-wins-at-the-fudokan-world-championships-in-cluj-napoka-ro-in-kobudo\/\">\n\t\t\t\t\t\t\t<img loading=\"lazy\" decoding=\"async\" width=\"425\" height=\"301\" src=\"https:\/\/kobudo-tesshinkan.eu\/wp-content\/uploads\/2019\/02\/2017_Belarus.jpg\" class=\"attachment-full size-full wp-post-image\" alt=\"\" itemprop=\"image\" srcset=\"https:\/\/kobudo-tesshinkan.eu\/wp-content\/uploads\/2019\/02\/2017_Belarus.jpg 425w, https:\/\/kobudo-tesshinkan.eu\/wp-content\/uploads\/2019\/02\/2017_Belarus-300x212.jpg 300w, https:\/\/kobudo-tesshinkan.eu\/wp-content\/uploads\/2019\/02\/2017_Belarus-400x283.jpg 400w\" sizes=\"(max-width: 425px) 100vw, 425px\" \/>\n\t\t\t\t\t\t<\/a>\n\t\t\t\t\t<\/div>\t\t<div class=\"entry-content\" itemprop=\"text\">\n\t\t\t\n<ul><li>1st place &#8211; Kobud\u00f4 55-59 years &#8211; Sergei Mirutenko<\/li><li>1st place &#8211; Kobud\u00f4 26-42 years &#8211; Igor Mirutenko<\/li><li>1st place &#8211; Kobud\u00f4 20-23 years &#8211; Alexei Mirutenko<\/li><li>1st place &#8211; Kobud\u00f4 13-16 years &#8211; Zahar Leonenko<\/li><\/ul>\n\t\t\t\t\t<\/div><!-- .entry-content -->\n\t\t\n\t\t\t\t\t<\/div><!-- .inside-article -->\n<\/article><!-- #post-## -->\n\n<article id=\"post-1418\" class=\"post-1418 post type-post status-publish format-standard has-post-thumbnail hentry category-news-en\" itemtype='https:\/\/schema.org\/CreativeWork' itemscope='itemscope'>\n\t<div class=\"inside-article\">\n\t\t\t\t\n\t\t<header class=\"entry-header\">\n\t\t\t\t\t\t\t\t\t\t<h1 class=\"entry-title\" itemprop=\"headline\">1st Okinawa Karate International Tournament<\/h1>\t\t\t\t\t\t\t\t<\/header><!-- .entry-header -->\n\t\t\n\t\t<div class=\"post-image\">\n\t\t\t\t\t\t\n\t\t\t\t\t\t<a href=\"https:\/\/kobudo-tesshinkan.eu\/index.php\/en\/1st-okinawa-karate-international-tournament\/\">\n\t\t\t\t\t\t\t<img loading=\"lazy\" decoding=\"async\" width=\"827\" height=\"1141\" src=\"https:\/\/kobudo-tesshinkan.eu\/wp-content\/uploads\/2017\/06\/2018_Tournament_Plakat_en.jpg\" class=\"attachment-full size-full wp-post-image\" alt=\"\" itemprop=\"image\" srcset=\"https:\/\/kobudo-tesshinkan.eu\/wp-content\/uploads\/2017\/06\/2018_Tournament_Plakat_en.jpg 827w, https:\/\/kobudo-tesshinkan.eu\/wp-content\/uploads\/2017\/06\/2018_Tournament_Plakat_en-217x300.jpg 217w, https:\/\/kobudo-tesshinkan.eu\/wp-content\/uploads\/2017\/06\/2018_Tournament_Plakat_en-400x552.jpg 400w, https:\/\/kobudo-tesshinkan.eu\/wp-content\/uploads\/2017\/06\/2018_Tournament_Plakat_en-742x1024.jpg 742w\" sizes=\"(max-width: 827px) 100vw, 827px\" \/>\n\t\t\t\t\t\t<\/a>\n\t\t\t\t\t<\/div>\t\t<div class=\"entry-content\" itemprop=\"text\">\n\t\t\t<p>These will take place from 1st to 8th August 2018 on Okinawa. Competition sites will be the Bud\u00f4kan and Karate Kaikan.<\/p>\n\t\t\t\t\t<\/div><!-- .entry-content -->\n\t\t\n\t\t\t\t\t<\/div><!-- .inside-article -->\n<\/article><!-- #post-## -->\n\n<article id=\"post-1422\" class=\"post-1422 post type-post status-publish format-standard has-post-thumbnail hentry category-news-en\" itemtype='https:\/\/schema.org\/CreativeWork' itemscope='itemscope'>\n\t<div class=\"inside-article\">\n\t\t\t\t\n\t\t<header class=\"entry-header\">\n\t\t\t\t\t\t\t\t\t\t<h1 class=\"entry-title\" itemprop=\"headline\">New textbook only about NUNCHAKU<\/h1>\t\t\t\t\t\t\t\t<\/header><!-- .entry-header -->\n\t\t\n\t\t<div class=\"post-image\">\n\t\t\t\t\t\t\n\t\t\t\t\t\t<a href=\"https:\/\/kobudo-tesshinkan.eu\/index.php\/en\/1422\/\">\n\t\t\t\t\t\t\t<img loading=\"lazy\" decoding=\"async\" width=\"394\" height=\"556\" src=\"https:\/\/kobudo-tesshinkan.eu\/wp-content\/uploads\/2016\/08\/Buch_Nunchaku.jpg\" class=\"attachment-full size-full wp-post-image\" alt=\"\" itemprop=\"image\" srcset=\"https:\/\/kobudo-tesshinkan.eu\/wp-content\/uploads\/2016\/08\/Buch_Nunchaku.jpg 394w, https:\/\/kobudo-tesshinkan.eu\/wp-content\/uploads\/2016\/08\/Buch_Nunchaku-213x300.jpg 213w\" sizes=\"(max-width: 394px) 100vw, 394px\" \/>\n\t\t\t\t\t\t<\/a>\n\t\t\t\t\t<\/div>\t\t<div class=\"entry-content\" itemprop=\"text\">\n\t\t\t<p>Based on the book trilogy &#8222;RY\u00dbKY\u00db KOBUD\u00d4 TESSHINKAN&#8220; by Frank Pelny all information about the Okinawan weapon NUNCHAKU were bundled in this book: history, fundamentals, basic techniques, KATA, partner exercises and terminology.<\/p>\n<ul>\n<li>A5 size, hardcover<\/li>\n<li>380 pages<\/li>\n<li>about 60 b\/w photographs and sketches<\/li>\n<li>German \/ English \/ Russian<\/li>\n<li>ISBN: 978-3-7375-0995-4<\/li>\n<li>price: EURO 29,00 + shipping<\/li>\n<\/ul>\n\t\t\t\t\t<\/div><!-- .entry-content -->\n\t\t\n\t\t\t\t\t<\/div><!-- .inside-article -->\n<\/article><!-- #post-## -->\n\n<article id=\"post-1385\" class=\"post-1385 post type-post status-publish format-standard has-post-thumbnail hentry category-news-en\" itemtype='https:\/\/schema.org\/CreativeWork' itemscope='itemscope'>\n\t<div class=\"inside-article\">\n\t\t\t\t\n\t\t<header class=\"entry-header\">\n\t\t\t\t\t\t\t\t\t\t<h1 class=\"entry-title\" itemprop=\"headline\">First visit of Tamayose Kaich\u00f4 in Sri Lanka<\/h1>\t\t\t\t\t\t\t\t<\/header><!-- .entry-header -->\n\t\t\n\t\t<div class=\"post-image\">\n\t\t\t\t\t\t\n\t\t\t\t\t\t<a href=\"https:\/\/kobudo-tesshinkan.eu\/index.php\/en\/first-visit-of-tamayose-kaicho-in-sri-lanka\/\">\n\t\t\t\t\t\t\t<img loading=\"lazy\" decoding=\"async\" width=\"2250\" height=\"1500\" src=\"https:\/\/kobudo-tesshinkan.eu\/wp-content\/uploads\/2019\/02\/2017_SriLanka.jpg\" class=\"attachment-full size-full wp-post-image\" alt=\"\" itemprop=\"image\" srcset=\"https:\/\/kobudo-tesshinkan.eu\/wp-content\/uploads\/2019\/02\/2017_SriLanka.jpg 2250w, https:\/\/kobudo-tesshinkan.eu\/wp-content\/uploads\/2019\/02\/2017_SriLanka-300x200.jpg 300w, https:\/\/kobudo-tesshinkan.eu\/wp-content\/uploads\/2019\/02\/2017_SriLanka-400x267.jpg 400w, https:\/\/kobudo-tesshinkan.eu\/wp-content\/uploads\/2019\/02\/2017_SriLanka-1024x683.jpg 1024w, https:\/\/kobudo-tesshinkan.eu\/wp-content\/uploads\/2019\/02\/2017_SriLanka-272x182.jpg 272w\" sizes=\"(max-width: 2250px) 100vw, 2250px\" \/>\n\t\t\t\t\t\t<\/a>\n\t\t\t\t\t<\/div>\t\t<div class=\"entry-content\" itemprop=\"text\">\n\t\t\t<p>On January 12 to 18, 2017, Tamayose Kaich\u00f4 and his wife Masako-san visit Sri Lanka for the first time.<br \/>\nInvited by B. Prasanna Fernando Sensei from Marawila.<\/p>\n\t\t\t\t\t<\/div><!-- .entry-content -->\n\t\t\n\t\t\t\t\t<\/div><!-- .inside-article -->\n<\/article><!-- #post-## -->\n\n<article id=\"post-1388\" class=\"post-1388 post type-post status-publish format-standard hentry category-news-en\" itemtype='https:\/\/schema.org\/CreativeWork' itemscope='itemscope'>\n\t<div class=\"inside-article\">\n\t\t\t\t\n\t\t<header class=\"entry-header\">\n\t\t\t\t\t\t\t\t\t\t<h1 class=\"entry-title\" itemprop=\"headline\">TESSHINKAN-athletes from Belarus win at the FUDOKAN European-Championships in Cracow (PL) in Kobud\u00f4!<\/h1>\t\t\t\t\t\t\t\t<\/header><!-- .entry-header -->\n\t\t\n\t\t\t\t<div class=\"entry-content\" itemprop=\"text\">\n\t\t\t<ul>\n<li>1th place &#8211; Kobud\u00f4 senior &#8211; Sergei Mirutenko<\/li>\n<li>1th place &#8211; Kobud\u00f4 adult &#8211; Igor Mirutenko<\/li>\n<\/ul>\n<p><a href=\"https:\/\/kobudo-tesshinkan.eu\/wp-content\/uploads\/2017\/02\/2016_Belarus.jpg\"><img loading=\"lazy\" decoding=\"async\" class=\"aligncenter size-full wp-image-991\" src=\"https:\/\/kobudo-tesshinkan.eu\/wp-content\/uploads\/2017\/02\/2016_Belarus.jpg\" alt=\"\" width=\"425\" height=\"310\" srcset=\"https:\/\/kobudo-tesshinkan.eu\/wp-content\/uploads\/2017\/02\/2016_Belarus.jpg 425w, https:\/\/kobudo-tesshinkan.eu\/wp-content\/uploads\/2017\/02\/2016_Belarus-300x219.jpg 300w, https:\/\/kobudo-tesshinkan.eu\/wp-content\/uploads\/2017\/02\/2016_Belarus-400x292.jpg 400w\" sizes=\"(max-width: 425px) 100vw, 425px\" \/><\/a><\/p>\n\t\t\t\t\t<\/div><!-- .entry-content -->\n\t\t\n\t\t\t\t\t<\/div><!-- .inside-article -->\n<\/article><!-- #post-## -->\n\n<article id=\"post-1390\" class=\"post-1390 post type-post status-publish format-standard has-post-thumbnail hentry category-news-en\" itemtype='https:\/\/schema.org\/CreativeWork' itemscope='itemscope'>\n\t<div class=\"inside-article\">\n\t\t\t\t\n\t\t<header class=\"entry-header\">\n\t\t\t\t\t\t\t\t\t\t<h1 class=\"entry-title\" itemprop=\"headline\">Members of the Tesshinkan Sri Lanka-branch visiting Tamayose Sensei on Okinawa for the first time<\/h1>\t\t\t\t\t\t\t\t<\/header><!-- .entry-header -->\n\t\t\n\t\t<div class=\"post-image\">\n\t\t\t\t\t\t\n\t\t\t\t\t\t<a href=\"https:\/\/kobudo-tesshinkan.eu\/index.php\/en\/members-of-the-tesshinkan-sri-lanka-branch-visiting-tamayose-sensei-on-okinawa-for-the-first-time\/\">\n\t\t\t\t\t\t\t<img loading=\"lazy\" decoding=\"async\" width=\"885\" height=\"621\" src=\"https:\/\/kobudo-tesshinkan.eu\/wp-content\/uploads\/2017\/02\/2016_Okinawa_SriLanka.jpg\" class=\"attachment-full size-full wp-post-image\" alt=\"\" itemprop=\"image\" srcset=\"https:\/\/kobudo-tesshinkan.eu\/wp-content\/uploads\/2017\/02\/2016_Okinawa_SriLanka.jpg 885w, https:\/\/kobudo-tesshinkan.eu\/wp-content\/uploads\/2017\/02\/2016_Okinawa_SriLanka-300x211.jpg 300w, https:\/\/kobudo-tesshinkan.eu\/wp-content\/uploads\/2017\/02\/2016_Okinawa_SriLanka-400x281.jpg 400w\" sizes=\"(max-width: 885px) 100vw, 885px\" \/>\n\t\t\t\t\t\t<\/a>\n\t\t\t\t\t<\/div>\t\t<div class=\"entry-content\" itemprop=\"text\">\n\t\t\t<p>B. Prasanna Fernando Sensei (7th DAN Karate) and Nandakumara Chithrapalamge (4th DAN Karate) of Marawila \/ Sri Lanka spent several days training with Tamayose Sensei on Okinawa and got to know about the history and sights of the birthplace of Karate &amp; Kobud\u00f4.<\/p>\n\t\t\t\t\t<\/div><!-- .entry-content -->\n\t\t\n\t\t\t\t\t<\/div><!-- .inside-article -->\n<\/article><!-- #post-## -->\n\n<article id=\"post-1393\" class=\"post-1393 post type-post status-publish format-standard hentry category-news-en\" itemtype='https:\/\/schema.org\/CreativeWork' itemscope='itemscope'>\n\t<div class=\"inside-article\">\n\t\t\t\t\n\t\t<header class=\"entry-header\">\n\t\t\t\t\t\t\t\t\t\t<h1 class=\"entry-title\" itemprop=\"headline\">1st Tesshinkan-seminar on Sri Lanka<\/h1>\t\t\t\t\t\t\t\t<\/header><!-- .entry-header -->\n\t\t\n\t\t\t\t<div class=\"entry-content\" itemprop=\"text\">\n\t\t\t<p><a href=\"https:\/\/kobudo-tesshinkan.eu\/wp-content\/uploads\/2017\/02\/2016_Sri_Lanka.jpg\"><img loading=\"lazy\" decoding=\"async\" class=\"aligncenter size-full wp-image-999\" src=\"https:\/\/kobudo-tesshinkan.eu\/wp-content\/uploads\/2017\/02\/2016_Sri_Lanka.jpg\" alt=\"\" width=\"886\" height=\"590\" srcset=\"https:\/\/kobudo-tesshinkan.eu\/wp-content\/uploads\/2017\/02\/2016_Sri_Lanka.jpg 886w, https:\/\/kobudo-tesshinkan.eu\/wp-content\/uploads\/2017\/02\/2016_Sri_Lanka-300x200.jpg 300w, https:\/\/kobudo-tesshinkan.eu\/wp-content\/uploads\/2017\/02\/2016_Sri_Lanka-400x266.jpg 400w, https:\/\/kobudo-tesshinkan.eu\/wp-content\/uploads\/2017\/02\/2016_Sri_Lanka-272x182.jpg 272w\" sizes=\"(max-width: 886px) 100vw, 886px\" \/><\/a><\/p>\n<p>On January 30 the first official seminar of the Ry\u00fbk\u00fb Kobud\u00f4 Tesshinkan Ky\u00f4 Kai &#8211; Sri Lanka branch took place, organized by Sensei B. Prasanna Fernando, 7th Dan Karate.<\/p>\n<p>70 participants, mostly Sh\u00f4t\u00f4kan-students of Prasanna Fernando Sensei, but also of friends of his and further, interested masters (a.o. G\u00f4j\u00fb-Ry\u00fb), have gathered to Marawila (about 50km north of Colombo). They intensively studied B\u00d4 basic exercises, the application of B\u00d4-no-Kihon number 3 and the B\u00d4-Kata Sh\u00fbshi-no-Kun (Sh\u00f4).<\/p>\n<p>Additionaly, Frank Pelny taught a Karate class, and, especially for the police prison officers, SaCO (SaCO &#8211; Self-Defense and Close Combat system), for two hours.<\/p>\n\t\t\t\t\t<\/div><!-- .entry-content -->\n\t\t\n\t\t\t\t\t<\/div><!-- .inside-article -->\n<\/article><!-- #post-## -->\n\n<article id=\"post-1641\" class=\"post-1641 post type-post status-publish format-standard has-post-thumbnail hentry category-news-en\" itemtype='https:\/\/schema.org\/CreativeWork' itemscope='itemscope'>\n\t<div class=\"inside-article\">\n\t\t\t\t\n\t\t<header class=\"entry-header\">\n\t\t\t\t\t\t\t\t\t\t<h1 class=\"entry-title\" itemprop=\"headline\">10th DAN for TAMAYOSE SENSEI<\/h1>\t\t\t\t\t\t\t\t<\/header><!-- .entry-header -->\n\t\t\n\t\t<div class=\"post-image\">\n\t\t\t\t\t\t\n\t\t\t\t\t\t<a href=\"https:\/\/kobudo-tesshinkan.eu\/index.php\/en\/10th-dan-for-tamayose-sensei\/\">\n\t\t\t\t\t\t\t<img loading=\"lazy\" decoding=\"async\" width=\"591\" height=\"394\" src=\"https:\/\/kobudo-tesshinkan.eu\/wp-content\/uploads\/2017\/02\/2015_Tamayose_10th.jpg\" class=\"attachment-full size-full wp-post-image\" alt=\"\" itemprop=\"image\" srcset=\"https:\/\/kobudo-tesshinkan.eu\/wp-content\/uploads\/2017\/02\/2015_Tamayose_10th.jpg 591w, https:\/\/kobudo-tesshinkan.eu\/wp-content\/uploads\/2017\/02\/2015_Tamayose_10th-300x200.jpg 300w, https:\/\/kobudo-tesshinkan.eu\/wp-content\/uploads\/2017\/02\/2015_Tamayose_10th-400x267.jpg 400w, https:\/\/kobudo-tesshinkan.eu\/wp-content\/uploads\/2017\/02\/2015_Tamayose_10th-272x182.jpg 272w\" sizes=\"(max-width: 591px) 100vw, 591px\" \/>\n\t\t\t\t\t\t<\/a>\n\t\t\t\t\t<\/div>\t\t<div class=\"entry-content\" itemprop=\"text\">\n\t\t\t\n<p>The president of our organization, KAICH\u00d4 TAMAYOSE HIDEMI, was awarded the 10th DAN by the &#8222;OKINAWA KEN KOBUD\u00d4 RENMEI&#8220; on December 19 in 2015.<\/p>\n\n\n\n<div class=\"wp-block-image\"><figure class=\"aligncenter\"><a href=\"https:\/\/kobudo-tesshinkan.eu\/wp-content\/uploads\/2017\/02\/2015_Tamayose_10th_1.jpg\"><img loading=\"lazy\" decoding=\"async\" width=\"591\" height=\"394\" src=\"https:\/\/kobudo-tesshinkan.eu\/wp-content\/uploads\/2017\/02\/2015_Tamayose_10th_1.jpg\" alt=\"\" class=\"wp-image-1003\" srcset=\"https:\/\/kobudo-tesshinkan.eu\/wp-content\/uploads\/2017\/02\/2015_Tamayose_10th_1.jpg 591w, https:\/\/kobudo-tesshinkan.eu\/wp-content\/uploads\/2017\/02\/2015_Tamayose_10th_1-300x200.jpg 300w, https:\/\/kobudo-tesshinkan.eu\/wp-content\/uploads\/2017\/02\/2015_Tamayose_10th_1-400x267.jpg 400w, https:\/\/kobudo-tesshinkan.eu\/wp-content\/uploads\/2017\/02\/2015_Tamayose_10th_1-272x182.jpg 272w\" sizes=\"(max-width: 591px) 100vw, 591px\" \/><\/a><\/figure><\/div>\n\n\n\n<p> Cordial congratulations by all his students on this extraordinary honour.<\/p>\n\t\t\t\t\t<\/div><!-- .entry-content -->\n\t\t\n\t\t\t\t\t<\/div><!-- .inside-article -->\n<\/article><!-- #post-## -->\n<\/div><\/div><\/div><\/div>","protected":false},"excerpt":{"rendered":"","protected":false},"author":1,"featured_media":0,"parent":141,"menu_order":0,"comment_status":"closed","ping_status":"closed","template":"","meta":{"footnotes":""},"_links":{"self":[{"href":"https:\/\/kobudo-tesshinkan.eu\/index.php\/wp-json\/wp\/v2\/pages\/1226"}],"collection":[{"href":"https:\/\/kobudo-tesshinkan.eu\/index.php\/wp-json\/wp\/v2\/pages"}],"about":[{"href":"https:\/\/kobudo-tesshinkan.eu\/index.php\/wp-json\/wp\/v2\/types\/page"}],"author":[{"embeddable":true,"href":"https:\/\/kobudo-tesshinkan.eu\/index.php\/wp-json\/wp\/v2\/users\/1"}],"replies":[{"embeddable":true,"href":"https:\/\/kobudo-tesshinkan.eu\/index.php\/wp-json\/wp\/v2\/comments?post=1226"}],"version-history":[{"count":3,"href":"https:\/\/kobudo-tesshinkan.eu\/index.php\/wp-json\/wp\/v2\/pages\/1226\/revisions"}],"predecessor-version":[{"id":1383,"href":"https:\/\/kobudo-tesshinkan.eu\/index.php\/wp-json\/wp\/v2\/pages\/1226\/revisions\/1383"}],"up":[{"embeddable":true,"href":"https:\/\/kobudo-tesshinkan.eu\/index.php\/wp-json\/wp\/v2\/pages\/141"}],"wp:attachment":[{"href":"https:\/\/kobudo-tesshinkan.eu\/index.php\/wp-json\/wp\/v2\/media?parent=1226"}],"curies":[{"name":"wp","href":"https:\/\/api.w.org\/{rel}","templated":true}]}}